{"id":82,"date":"2018-08-05T22:51:30","date_gmt":"2018-08-05T20:51:30","guid":{"rendered":"http:\/\/www.evolutionsportmoto.com\/?page_id=82"},"modified":"2022-06-21T12:24:07","modified_gmt":"2022-06-21T10:24:07","slug":"qui-suis-je","status":"publish","type":"page","link":"https:\/\/www.evolutionsportmoto.com\/index.php\/qui-suis-je\/","title":{"rendered":"QUI SUIS-JE ?"},"content":{"rendered":"<h3 style=\"text-align: justify;\">Je suis Julien Jagu, j\u2019ai 32 ans, je pratique la moto depuis l\u2019\u00e2ge de 4 ans. J\u2019ai d\u00e9but\u00e9 par le motocross en passant par toute les cat\u00e9gories de la ligue de Bretagne jusqu\u2019au MX1.<\/h3>\n<p><!--more--><\/p>\n<p style=\"text-align: justify;\">Fin 2010 je d\u00e9couvre l\u2019enduro sur une course de ligue. Une discipline compl\u00e8tement diff\u00e9rente mais qui m\u2019a s\u00e9duite. J\u2019avais envie de voir autre chose, d\u2019autres \u00e9preuves, d\u2019autres adversaires. J\u2019ai donc enchain\u00e9 avec 5 saisons d\u2019enduro sur les championnats de France et d\u2019Europe. J\u2019ai obtenu 2 titres de vice champion d\u2019Europe et un titre de vice champion de France. J\u2019ai obtenu durant la m\u00eame p\u00e9riode mon CQP initiateur moto.<\/p>\n<p style=\"text-align: justify;\">Fin 2015, je me blesse au genou et reste sans moto pendant 6 mois. Je me suis donc consacr\u00e9 au DEJEPS mention \u00ab perfectionnement sportif \u00bb en motocyclisme. Et c\u2019est en juin 2016 que j\u2019ai cr\u00e9\u00e9 l\u2019\u00e9cole Evolution Sport Moto.<\/p>\n<p style=\"text-align: justify;\">J\u2019ai ensuite particip\u00e9 \u00e0 4 saisons sur le championnat de France des Sables qui correspondait bien \u00e0 mon planning estival charg\u00e9. Une nouvelle discipline, une nouvelle exp\u00e9rience qui m\u2019a permis de d\u2019emmagasiner de l\u2019exp\u00e9rience et du contenu \u00e0 transmettre \u00e0 mes stagiaires.<\/p>\n<p style=\"text-align: justify;\">Ma derni\u00e8re grande exp\u00e9rience est le rallye-raid. J\u2019ai particip\u00e9 \u00e0 L\u2019andalucia Rallye 2021, au Rallye du Maroc 2021, Au Dakar 2022 et au Hellas Rallye 2022 que j\u2019ai remport\u00e9.<\/p>\n<blockquote><p><strong><span style=\"font-size: 18pt;\">Mon slogan \u00ab La passion de transmettre \u00bb n\u2019est pas un simple slogan. J\u2019aime ce que je fais, j\u2019adore faire progresser sans cesse les pilotes, du d\u00e9butant au pilote de GP Enduro.<\/span><\/strong><\/p><\/blockquote>\n<p style=\"text-align: justify;\">\u00c0 tr\u00e8s vite..<\/p>\n","protected":false},"excerpt":{"rendered":"<p>Je suis Julien Jagu, j\u2019ai 32 ans, je pratique la moto depuis l\u2019\u00e2ge de 4 ans. J\u2019ai d\u00e9but\u00e9 par le motocross en passant par toute les cat\u00e9gories de la ligue de Bretagne jusqu\u2019au MX1.<\/p>\n","protected":false},"author":1,"featured_media":81,"parent":0,"menu_order":0,"comment_status":"closed","ping_status":"closed","template":"page-fullwidth.php","meta":{"footnotes":""},"_links":{"self":[{"href":"https:\/\/www.evolutionsportmoto.com\/index.php\/wp-json\/wp\/v2\/pages\/82"}],"collection":[{"href":"https:\/\/www.evolutionsportmoto.com\/index.php\/wp-json\/wp\/v2\/pages"}],"about":[{"href":"https:\/\/www.evolutionsportmoto.com\/index.php\/wp-json\/wp\/v2\/types\/page"}],"author":[{"embeddable":true,"href":"https:\/\/www.evolutionsportmoto.com\/index.php\/wp-json\/wp\/v2\/users\/1"}],"replies":[{"embeddable":true,"href":"https:\/\/www.evolutionsportmoto.com\/index.php\/wp-json\/wp\/v2\/comments?post=82"}],"version-history":[{"count":8,"href":"https:\/\/www.evolutionsportmoto.com\/index.php\/wp-json\/wp\/v2\/pages\/82\/revisions"}],"predecessor-version":[{"id":314,"href":"https:\/\/www.evolutionsportmoto.com\/index.php\/wp-json\/wp\/v2\/pages\/82\/revisions\/314"}],"wp:featuredmedia":[{"embeddable":true,"href":"https:\/\/www.evolutionsportmoto.com\/index.php\/wp-json\/wp\/v2\/media\/81"}],"wp:attachment":[{"href":"https:\/\/www.evolutionsportmoto.com\/index.php\/wp-json\/wp\/v2\/media?parent=82"}],"curies":[{"name":"wp","href":"https:\/\/api.w.org\/{rel}","templated":true}]}}